{"id":5320,"date":"2026-01-23T11:06:08","date_gmt":"2026-01-23T09:06:08","guid":{"rendered":"https:\/\/waldjugend-nord.de\/?post_type=product&#038;p=5320"},"modified":"2026-03-02T21:15:12","modified_gmt":"2026-03-02T19:15:12","slug":"08-10-mai-musisches-seminar","status":"publish","type":"product","link":"https:\/\/waldjugend-nord.de\/?product=08-10-mai-musisches-seminar","title":{"rendered":"08. &#8211; 10. Mai | Musisches Seminar"},"content":{"rendered":"","protected":false},"excerpt":{"rendered":"<blockquote><p><strong>Lasst uns singen,&#8230;<\/strong><\/p><\/blockquote>\n<p>&nbsp;<\/p>\n<p>la\u00dft uns singen, la\u00dft die Lieder unsrer Fahrt erklingen!\u201c Ohne die Singerunden am Lagerfeuer w\u00e4re die Waldjugend, wohl kaum so wie sie ist.<br \/>\nDieses Wochenende steht vollkommen unter dem Motto der Musik, singen und Instrumente spielen und alles, was dazugeh\u00f6rt. Dieses Wochenende wird voller T\u00f6ne und Melodien und nat\u00fcrlich auch Spa\u00df!<br \/>\nDu bist Musik-Begeistert oder hast auch einfach nur Spa\u00df am Singen, dann melde Dich<br \/>\nschnell an!<\/p>\n<p>&nbsp;<\/p>\n<table>\n<tbody>\n<tr>\n<td style=\"text-align: right; padding: 1px 5px;\">Wann:<\/td>\n<td style=\"text-align: left; padding: 1px 5px;\"><strong>08. &#8211; 10. Mai<\/strong><\/td>\n<\/tr>\n<tr>\n<td style=\"text-align: right; padding: 1px 5px;\">Wo:<\/td>\n<td style=\"text-align: left; padding: 1px 5px;\">Gl\u00fccksburg<\/td>\n<\/tr>\n<tr>\n<td style=\"text-align: right; padding: 1px 5px;\">Wer:<\/td>\n<td style=\"text-align: left; padding: 1px 5px;\">alle<\/td>\n<\/tr>\n<tr>\n<td style=\"text-align: right; padding: 1px 5px;\">Wie viele:<\/td>\n<td style=\"text-align: left; padding: 1px 5px;\">30 Teilnehmer*innen<\/td>\n<\/tr>\n<tr>\n<td style=\"text-align: right; padding: 1px 5px;\">Kosten:<\/td>\n<td style=\"text-align: left; padding: 1px 5px;\">Soli Preis<\/td>\n<\/tr>\n<tr>\n<td style=\"text-align: right; padding: 1px 5px;\">Leitung:<\/td>\n<td style=\"text-align: left; padding: 1px 5px;\">Landesleitung<\/td>\n<\/tr>\n<tr>\n<td style=\"text-align: right; padding: 1px 5px;\">Unterbringung:<\/td>\n<td style=\"text-align: left; padding: 1px 5px;\">Waldjugendh\u00fctte<\/td>\n<\/tr>\n<tr>\n<td style=\"text-align: right; padding: 1px 5px;\">Mitzubringen:<\/td>\n<td style=\"text-align: left; padding: 1px 5px;\">Packliste bekommst du noch.<\/td>\n<\/tr>\n<tr>\n<td style=\"text-align: right; padding: 1px 5px;\">Verpflegung:<\/td>\n<td style=\"text-align: left; padding: 1px 5px;\">wird gestellt<\/td>\n<\/tr>\n<tr>\n<td style=\"text-align: right; padding: 1px 5px;\">Anmeldung:<\/td>\n<td style=\"text-align: left; padding: 1px 5px;\"><strong>bis zum 30. April<\/strong><\/td>\n<\/tr>\n<tr>\n<td style=\"text-align: right; padding: 1px 5px;\">Veranstalter:<\/td>\n<td style=\"text-align: left; padding: 1px 5px;\">Deutsche Waldjugend Landesverband Nord e.V.<\/td>\n<\/tr>\n<\/tbody>\n<\/table>\n<p>&nbsp;<\/p>\n","protected":false},"featured_media":161,"template":"","meta":{"_lmt_disableupdate":"no","_lmt_disable":""},"product_brand":[],"product_cat":[24],"product_tag":[],"class_list":{"0":"post-5320","1":"product","2":"type-product","3":"status-publish","4":"has-post-thumbnail","6":"product_cat-seminare","7":"column","8":"twocol","9":"has-thumbnail","11":"first","12":"instock","13":"virtual","14":"purchasable","15":"product-type-simple"},"_links":{"self":[{"href":"https:\/\/waldjugend-nord.de\/index.php?rest_route=\/wp\/v2\/product\/5320","targetHints":{"allow":["GET"]}}],"collection":[{"href":"https:\/\/waldjugend-nord.de\/index.php?rest_route=\/wp\/v2\/product"}],"about":[{"href":"https:\/\/waldjugend-nord.de\/index.php?rest_route=\/wp\/v2\/types\/product"}],"wp:featuredmedia":[{"embeddable":true,"href":"https:\/\/waldjugend-nord.de\/index.php?rest_route=\/wp\/v2\/media\/161"}],"wp:attachment":[{"href":"https:\/\/waldjugend-nord.de\/index.php?rest_route=%2Fwp%2Fv2%2Fmedia&parent=5320"}],"wp:term":[{"taxonomy":"product_brand","embeddable":true,"href":"https:\/\/waldjugend-nord.de\/index.php?rest_route=%2Fwp%2Fv2%2Fproduct_brand&post=5320"},{"taxonomy":"product_cat","embeddable":true,"href":"https:\/\/waldjugend-nord.de\/index.php?rest_route=%2Fwp%2Fv2%2Fproduct_cat&post=5320"},{"taxonomy":"product_tag","embeddable":true,"href":"https:\/\/waldjugend-nord.de\/index.php?rest_route=%2Fwp%2Fv2%2Fproduct_tag&post=5320"}],"curies":[{"name":"wp","href":"https:\/\/api.w.org\/{rel}","templated":true}]}}