{"id":270,"date":"2017-08-09T13:51:12","date_gmt":"2017-08-09T11:51:12","guid":{"rendered":"https:\/\/waldjugend-nord.de\/?page_id=270"},"modified":"2019-05-21T09:42:17","modified_gmt":"2019-05-21T07:42:17","slug":"heikendorf","status":"publish","type":"page","link":"https:\/\/waldjugend-nord.de\/?page_id=270","title":{"rendered":"Heikendorf"},"content":{"rendered":"<div class='jtrt_table_MotherShipContainer'><div class='jtTableContainer jtrespo-scroll  ' ><div class='jtsettingcontainer' style='display:none;position:absolute;left:-9999px;'><textarea data-jtrt-table-id='2746' id='jtrt_table_settings_2746' cols='30' rows='10'>[[[\"Gruppennachmittag:\",\"trifft sich in unregelm\\u00e4\\u00dfigen Abst\\u00e4nden\"],[\"Adresse:\",\"Die H\\u00fctte steht direkt am F\\u00f6rdewanderweg\"],[\"Ansprechperson:\",\"Ralf Lantzsch (Spargel)\"],[\"Kontakt:\",\"<a href='mailto: larushorte@waldjugend-nord.de'>larushorte@waldjugend-nord.de<\\\/a>\"]],[{\"row\":0,\"col\":0,\"visualRow\":0,\"visualCol\":0,\"prop\":0,\"jtcellstyle\":{\"font-weight\":\"bold\"},\"className\":\"htLeft\"},{\"row\":0,\"col\":1,\"visualRow\":0,\"visualCol\":1,\"prop\":1,\"className\":\"htLeft\"},{\"row\":1,\"col\":0,\"visualRow\":1,\"visualCol\":0,\"prop\":0,\"className\":\"htLeft\",\"jtcellstyle\":{\"font-weight\":\"bold\"}},{\"row\":1,\"col\":1,\"visualRow\":1,\"visualCol\":1,\"prop\":1,\"className\":\"htLeft\"},{\"row\":2,\"col\":0,\"visualRow\":2,\"visualCol\":0,\"prop\":0,\"className\":\"htLeft\",\"jtcellstyle\":{\"font-weight\":\"bold\"}},{\"row\":2,\"col\":1,\"visualRow\":2,\"visualCol\":1,\"prop\":1,\"className\":\"htLeft\"},{\"row\":3,\"col\":0,\"visualRow\":3,\"visualCol\":0,\"prop\":0,\"jtcellstyle\":{\"font-weight\":\"bold\"},\"className\":\"htLeft\"},{\"row\":3,\"col\":1,\"visualRow\":3,\"visualCol\":1,\"prop\":1,\"className\":\"htLeft\"}],[],[]]<\/textarea><textarea data-jtrt-table-id='2746' id='jtrt_table_bps_2746' cols='30' rows='10'>[]<\/textarea><\/div><table id='jtrt_table_2746' data-sorting='false' data-paging='false' data-paging-size='10' data-paging-menu='10,20,50,100' data-filtering='false' data-jtrt-table-id='2746' class='jtrt-table  ' ><thead><tr><th>Gruppennachmittag:<\/th><th>trifft sich in unregelm\u00e4\u00dfigen Abst\u00e4nden<\/th><\/tr><\/thead><tbody><tr><td>Adresse:<\/td><td>Die H\u00fctte steht direkt am F\u00f6rdewanderweg<\/td><\/tr><tr><td>Ansprechperson:<\/td><td>Ralf Lantzsch (Spargel)<\/td><\/tr><tr><td>Kontakt:<\/td><td><a href='mailto: larushorte@waldjugend-nord.de'>larushorte@waldjugend-nord.de<\/a><\/td><\/tr><\/tbody><\/table><\/div><\/div>\n<div style=\"text-align: justify;\"><\/div>\n<div style=\"text-align: justify;\">\n<div style=\"text-align: justify;\">\n<p>Wir sind die Larushorte aus Heikendorf<img loading=\"lazy\" decoding=\"async\" class=\"size-medium wp-image-387 alignright\" src=\"https:\/\/waldjugend-nord.de\/wp-content\/uploads\/2017\/08\/vogel-130x300.jpg\" alt=\"\" width=\"130\" height=\"300\" \/><\/p>\n<p>Unsere Holzh\u00fctte steht 50m vom Strand entfernt in einem 1,2ha gro\u00dfem Waldst\u00fcck mit Wiese und Blick auf die Ostsee. An der H\u00fctte ist eine Feuerstelle, die H\u00fctte ist mit elektrischem Licht, E-Herd und Gasheizung ausgestattet. Die H\u00fctte steht direkt am F\u00f6rdewanderweg und dem Wasserwanderweg. Das Ehrenmahl in Laboe ist eine bekannte Sehensw\u00fcrdigkeit und zu Fu\u00df gut zu erreichen.<\/p>\n<\/div>\n<\/div>\n","protected":false},"excerpt":{"rendered":"<p>Wir sind die Larushorte aus Heikendorf Unsere Holzh\u00fctte steht 50m vom Strand entfernt in einem 1,2ha gro\u00dfem Waldst\u00fcck mit Wiese und Blick auf die Ostsee. An der H\u00fctte ist eine Feuerstelle, die H\u00fctte ist mit elektrischem Licht, E-Herd und Gasheizung ausgestattet. Die H\u00fctte steht direkt am F\u00f6rdewanderweg und dem Wasserwanderweg. &#8230;<\/p>\n","protected":false},"author":2,"featured_media":0,"parent":0,"menu_order":0,"comment_status":"closed","ping_status":"closed","template":"","meta":{"_lmt_disableupdate":"","_lmt_disable":"","footnotes":""},"class_list":["post-270","page","type-page","status-publish","hentry","column","twocol"],"_links":{"self":[{"href":"https:\/\/waldjugend-nord.de\/index.php?rest_route=\/wp\/v2\/pages\/270","targetHints":{"allow":["GET"]}}],"collection":[{"href":"https:\/\/waldjugend-nord.de\/index.php?rest_route=\/wp\/v2\/pages"}],"about":[{"href":"https:\/\/waldjugend-nord.de\/index.php?rest_route=\/wp\/v2\/types\/page"}],"author":[{"embeddable":true,"href":"https:\/\/waldjugend-nord.de\/index.php?rest_route=\/wp\/v2\/users\/2"}],"replies":[{"embeddable":true,"href":"https:\/\/waldjugend-nord.de\/index.php?rest_route=%2Fwp%2Fv2%2Fcomments&post=270"}],"version-history":[{"count":4,"href":"https:\/\/waldjugend-nord.de\/index.php?rest_route=\/wp\/v2\/pages\/270\/revisions"}],"predecessor-version":[{"id":2747,"href":"https:\/\/waldjugend-nord.de\/index.php?rest_route=\/wp\/v2\/pages\/270\/revisions\/2747"}],"wp:attachment":[{"href":"https:\/\/waldjugend-nord.de\/index.php?rest_route=%2Fwp%2Fv2%2Fmedia&parent=270"}],"curies":[{"name":"wp","href":"https:\/\/api.w.org\/{rel}","templated":true}]}}