{"id":227,"date":"2017-08-09T13:37:58","date_gmt":"2017-08-09T11:37:58","guid":{"rendered":"https:\/\/waldjugend-nord.de\/?page_id=227"},"modified":"2020-03-13T12:46:34","modified_gmt":"2020-03-13T10:46:34","slug":"unterwegs-2","status":"publish","type":"page","link":"https:\/\/waldjugend-nord.de\/?page_id=227","title":{"rendered":"Unterwegs"},"content":{"rendered":"<p><img loading=\"lazy\" decoding=\"async\" class=\"alignnone wp-image-633 size-full\" src=\"https:\/\/waldjugend-nord.de\/wp-content\/uploads\/2017\/08\/Unterwegs.png\" width=\"800\" height=\"348\" \/><\/p>\n<div style=\"text-align: justify;\">\n<p>Wir sind alle auf Fahrten und Lagern gewesen, oder haben es zumindest demn\u00e4chst vor. Zur Einstimmung und R\u00fcckbesinnung haben wir <a href=\"https:\/\/waldjugend-nord.de\/?page_id=433\" target=\"_blank\" rel=\"noopener noreferrer\">hier<\/a> ein paar Berichte und Bilder von Waldl\u00e4ufern f\u00fcr Waldl\u00e4ufer zusammengestellt. Die NN-Redaktion ist bem\u00fcht diesen Bereich aktuell zu halten, mit allem was Ihr uns f\u00fcr die NN zukommen lasst.<\/p>\n<\/div>\n<p><strong>Fahrten wagen &#8211; Teil 1<\/strong><\/p>\n<p>In den <a href=\"https:\/\/waldjugend-nord.de\/wp-content\/uploads\/2018\/07\/nn_2018-01_web.pdf\" target=\"_blank\" rel=\"noopener noreferrer\">Nordnachrichten 01-03 2018<\/a> stellen wir euch als kleine Wander-Teaser ein paar Wanderwege von Schleswig-Holstein bis Europa vor &#8211; und damit ihr bei den Strecken besser beurteilen k\u00f6nnt, ob sie f\u00fcr euch \u201cpassen\u201d, haben wir alle Strecken im Detail bewertet,<br \/>\nund zwar nach den folgenden Bewertungskriterien:<\/p>\n<p><img loading=\"lazy\" decoding=\"async\" class=\"alignnone wp-image-2006\" src=\"https:\/\/waldjugend-nord.de\/wp-content\/uploads\/2018\/07\/Bewertungskriterien-300x112.jpg\" alt=\"\" width=\"525\" height=\"196\" srcset=\"https:\/\/waldjugend-nord.de\/wp-content\/uploads\/2018\/07\/Bewertungskriterien-300x112.jpg 300w, https:\/\/waldjugend-nord.de\/wp-content\/uploads\/2018\/07\/Bewertungskriterien-768x286.jpg 768w, https:\/\/waldjugend-nord.de\/wp-content\/uploads\/2018\/07\/Bewertungskriterien-1024x382.jpg 1024w, https:\/\/waldjugend-nord.de\/wp-content\/uploads\/2018\/07\/Bewertungskriterien-700x261.jpg 700w, https:\/\/waldjugend-nord.de\/wp-content\/uploads\/2018\/07\/Bewertungskriterien-600x224.jpg 600w\" sizes=\"auto, (max-width: 525px) 100vw, 525px\" \/><\/p>\n<p><img loading=\"lazy\" decoding=\"async\" class=\"aligncenter wp-image-2007 size-medium\" src=\"https:\/\/waldjugend-nord.de\/wp-content\/uploads\/2018\/07\/Streckenkarte-300x270.jpg\" alt=\"\" width=\"300\" height=\"270\" srcset=\"https:\/\/waldjugend-nord.de\/wp-content\/uploads\/2018\/07\/Streckenkarte-300x270.jpg 300w, https:\/\/waldjugend-nord.de\/wp-content\/uploads\/2018\/07\/Streckenkarte-768x691.jpg 768w, https:\/\/waldjugend-nord.de\/wp-content\/uploads\/2018\/07\/Streckenkarte-1024x922.jpg 1024w, https:\/\/waldjugend-nord.de\/wp-content\/uploads\/2018\/07\/Streckenkarte-700x630.jpg 700w, https:\/\/waldjugend-nord.de\/wp-content\/uploads\/2018\/07\/Streckenkarte-600x540.jpg 600w\" sizes=\"auto, (max-width: 300px) 100vw, 300px\" \/><\/p>\n<p><strong>Strecke 1:<\/strong><a href=\"https:\/\/waldjugend-nord.de\/wp-content\/uploads\/2018\/07\/Gendarmenstieg.pdf\" target=\"_blank\" rel=\"noopener noreferrer\"> Gendarmenstien (n\u00f6rdlich von Flensburg)<\/a><br \/>\n<strong>Strecke 2:<\/strong> <a href=\"https:\/\/waldjugend-nord.de\/wp-content\/uploads\/2018\/07\/Foerdesteig.pdf\" target=\"_blank\" rel=\"noopener noreferrer\">F\u00f6rdesteig (s\u00fcdlich der Flensburger F\u00f6rde)<\/a><br \/>\n<strong>Strecke 3:<\/strong> <a href=\"https:\/\/waldjugend-nord.de\/wp-content\/uploads\/2018\/07\/Naturparkweg.pdf\" target=\"_blank\" rel=\"noopener noreferrer\">Naturparkweg (Mitten im Land)<\/a><br \/>\n<strong>Strecke 4:<\/strong> <a href=\"https:\/\/waldjugend-nord.de\/wp-content\/uploads\/2018\/07\/Stormarnweg.pdf\" target=\"_blank\" rel=\"noopener noreferrer\">Stormarn-Weg (zwischen Hamburg und L\u00fcbeck)<\/a><br \/>\n<strong>Strecke 5:<\/strong> <a href=\"https:\/\/waldjugend-nord.de\/wp-content\/uploads\/2018\/07\/Schlei-Eider-Elbe.pdf\" target=\"_blank\" rel=\"noopener noreferrer\">Schlei-Eider-Elbe-Weg (von der Schlei \u00fcber Burg bis Hamburg)<\/a><\/p>\n<p><strong>Fahrten wagen &#8211; Teil 2<\/strong><\/p>\n<p>In den <a href=\"https:\/\/waldjugend-nord.de\/wp-content\/uploads\/2018\/10\/nn_2018-02_web.pdf\" target=\"_blank\" rel=\"noopener noreferrer\">Nordnachrichten 2-2018<\/a> stellen wir euch als kleine Wander-Teaser wieder ein paar Wanderwege vor nachdem dies in der letzten NN Wanderwege in Schleswig-Holstein waren, stellen wir euch nun Wanderwege in Deutschland vor.<\/p>\n<p><img loading=\"lazy\" decoding=\"async\" class=\"aligncenter wp-image-2115 size-medium\" src=\"https:\/\/waldjugend-nord.de\/wp-content\/uploads\/2018\/10\/Fahrten-Deutschland-230x300.png\" alt=\"\" width=\"230\" height=\"300\" srcset=\"https:\/\/waldjugend-nord.de\/wp-content\/uploads\/2018\/10\/Fahrten-Deutschland-230x300.png 230w, https:\/\/waldjugend-nord.de\/wp-content\/uploads\/2018\/10\/Fahrten-Deutschland-768x1004.png 768w, https:\/\/waldjugend-nord.de\/wp-content\/uploads\/2018\/10\/Fahrten-Deutschland-783x1024.png 783w, https:\/\/waldjugend-nord.de\/wp-content\/uploads\/2018\/10\/Fahrten-Deutschland-700x915.png 700w, https:\/\/waldjugend-nord.de\/wp-content\/uploads\/2018\/10\/Fahrten-Deutschland-600x784.png 600w, https:\/\/waldjugend-nord.de\/wp-content\/uploads\/2018\/10\/Fahrten-Deutschland.png 1198w\" sizes=\"auto, (max-width: 230px) 100vw, 230px\" \/><\/p>\n<p><strong>Strecke 1:<\/strong> <a href=\"https:\/\/waldjugend-nord.de\/wp-content\/uploads\/2018\/10\/Harzer-Hexenstieg.pdf\" target=\"_blank\" rel=\"noopener noreferrer\">Der Harzer Hexenstieg<\/a><br \/>\n<strong>Strecke 2:<\/strong> <a href=\"https:\/\/waldjugend-nord.de\/wp-content\/uploads\/2018\/10\/Rennsteig.pdf\" target=\"_blank\" rel=\"noopener noreferrer\">Der Rennsteig im Th\u00fcringer Wald<\/a><br \/>\n<strong>Strecke 3:<\/strong> <a href=\"https:\/\/waldjugend-nord.de\/wp-content\/uploads\/2018\/10\/Heidschnuckenweg.pdf\" target=\"_blank\" rel=\"noopener noreferrer\">Der Heidschnuckenweg<\/a><\/p>\n<p><strong>Fahrten wagen &#8211; Teil 3<\/strong><\/p>\n<p>Und auch in dieser <a href=\"https:\/\/waldjugend-nord.de\/wp-content\/uploads\/2019\/02\/NN-Webansicht.pdf\" target=\"_blank\" rel=\"noopener noreferrer\">NN (3\/2018)<\/a> stellen wir euch wieder ein paar kleine und ausgew\u00e4hlte Wanderwege als Fahrtenvorschl\u00e4ge vor &#8211; nach den Fahrtenzielen innerhalb Schleswig-Holsteins (NN 1\/2018) und innerhalb Deutschlands (NN 2\/2018) folgen in dieser Ausgabe nun zwei Vorschl\u00e4ge f\u00fcr gr\u00f6\u00dfere Fahrten in Europa.<\/p>\n<p><img loading=\"lazy\" decoding=\"async\" class=\"size-medium wp-image-2573 aligncenter\" src=\"https:\/\/waldjugend-nord.de\/wp-content\/uploads\/2019\/02\/NN-Europa-289x300.png\" alt=\"\" width=\"289\" height=\"300\" srcset=\"https:\/\/waldjugend-nord.de\/wp-content\/uploads\/2019\/02\/NN-Europa-289x300.png 289w, https:\/\/waldjugend-nord.de\/wp-content\/uploads\/2019\/02\/NN-Europa.png 475w\" sizes=\"auto, (max-width: 289px) 100vw, 289px\" \/><\/p>\n<p>Strecke 1: <a href=\"https:\/\/waldjugend-nord.de\/wp-content\/uploads\/2019\/02\/Wicklow-Mountains_Irland.pdf\" target=\"_blank\" rel=\"noopener noreferrer\">Die Wicklow Mountains in Irland<\/a><br \/>\nStrecke 2: <a href=\"https:\/\/waldjugend-nord.de\/wp-content\/uploads\/2019\/02\/Lappland-Padjelantaleden.pdf\" target=\"_blank\" rel=\"noopener noreferrer\">Der Padjelantaleden in Schweden (Lappland)\u00a0<\/a><\/p>\n<div><\/div>\n","protected":false},"excerpt":{"rendered":"<p>Wir sind alle auf Fahrten und Lagern gewesen, oder haben es zumindest demn\u00e4chst vor. Zur Einstimmung und R\u00fcckbesinnung haben wir hier ein paar Berichte und Bilder von Waldl\u00e4ufern f\u00fcr Waldl\u00e4ufer zusammengestellt. Die NN-Redaktion ist bem\u00fcht diesen Bereich aktuell zu halten, mit allem was Ihr uns f\u00fcr die NN zukommen lasst. &#8230;<\/p>\n","protected":false},"author":2,"featured_media":0,"parent":0,"menu_order":0,"comment_status":"closed","ping_status":"closed","template":"","meta":{"_lmt_disableupdate":"no","_lmt_disable":"","footnotes":""},"class_list":["post-227","page","type-page","status-publish","hentry","column","twocol"],"_links":{"self":[{"href":"https:\/\/waldjugend-nord.de\/index.php?rest_route=\/wp\/v2\/pages\/227","targetHints":{"allow":["GET"]}}],"collection":[{"href":"https:\/\/waldjugend-nord.de\/index.php?rest_route=\/wp\/v2\/pages"}],"about":[{"href":"https:\/\/waldjugend-nord.de\/index.php?rest_route=\/wp\/v2\/types\/page"}],"author":[{"embeddable":true,"href":"https:\/\/waldjugend-nord.de\/index.php?rest_route=\/wp\/v2\/users\/2"}],"replies":[{"embeddable":true,"href":"https:\/\/waldjugend-nord.de\/index.php?rest_route=%2Fwp%2Fv2%2Fcomments&post=227"}],"version-history":[{"count":32,"href":"https:\/\/waldjugend-nord.de\/index.php?rest_route=\/wp\/v2\/pages\/227\/revisions"}],"predecessor-version":[{"id":3410,"href":"https:\/\/waldjugend-nord.de\/index.php?rest_route=\/wp\/v2\/pages\/227\/revisions\/3410"}],"wp:attachment":[{"href":"https:\/\/waldjugend-nord.de\/index.php?rest_route=%2Fwp%2Fv2%2Fmedia&parent=227"}],"curies":[{"name":"wp","href":"https:\/\/api.w.org\/{rel}","templated":true}]}}